{"id":6469,"date":"2026-03-24T17:50:48","date_gmt":"2026-03-24T16:50:48","guid":{"rendered":"https:\/\/thecamelia-bijoux.com\/?post_type=product&#038;p=6469"},"modified":"2026-04-10T16:06:42","modified_gmt":"2026-04-10T14:06:42","slug":"boucles-doreilles-avant-arriere-menara-2","status":"publish","type":"product","link":"https:\/\/thecamelia-bijoux.com\/en\/product\/boucles-doreilles-avant-arriere-menara-2\/","title":{"rendered":"M\u00e9nara front-back earrings"},"content":{"rendered":"<div data-elementor-type=\"wp-post\" data-elementor-id=\"6469\" class=\"elementor elementor-6469\">\n\t\t\t\t\t\t<section class=\"elementor-section elementor-top-section elementor-element elementor-element-3a5d7dce elementor-section-boxed elementor-section-height-default elementor-section-height-default\" data-id=\"3a5d7dce\" data-element_type=\"section\" data-e-type=\"section\">\n\t\t\t\t\t\t<div class=\"elementor-container elementor-column-gap-default\">\n\t\t\t\t\t<div class=\"elementor-column elementor-col-100 elementor-top-column elementor-element elementor-element-66321276\" data-id=\"66321276\" data-element_type=\"column\" data-e-type=\"column\">\n\t\t\t<div class=\"elementor-widget-wrap elementor-element-populated\">\n\t\t\t\t\t\t<div class=\"elementor-element elementor-element-ae0d090 elementor-widget elementor-widget-text-editor\" data-id=\"ae0d090\" data-element_type=\"widget\" data-e-type=\"widget\" data-widget_type=\"text-editor.default\">\n\t\t\t\t<div class=\"elementor-widget-container\">\n\t\t\t\t\t\t\t\t\t<p style=\"font-size: 15px; font-style: normal; color: #01776b; font-family: Montserrat, sans-serif; text-align: justify;\" class=\"translation-block\">The <b>M\u00e9nara front-back earrings <\/b>astonish with their innovative and modern shape combined with the traditional Fez embroidery. Gilded with fine gold, these earrings are composed of a pendant adorned with a <b>Fez embroidery done by hand<\/b> in cotton thread. The pendant is attached to a chain, which is connected to the clasp of the earring. The chain goes around your lobe because it links the pendant on the front to the clasp behind the lobe. In the end, it is a totally new and original shape of earrings, but still very elegant. <b>The big plus?<\/b> You will never lose the clasps of your earrings again since they are attached to the earrings!<\/p><p style=\"font-size: 15px; font-style: normal; color: #01776b; font-family: Montserrat, sans-serif; text-align: justify;\" class=\"translation-block\">As always the pendants are <b>perfectly identical on both sides<\/b> thanks to the magic of the embroidery of Fez. Here is a pair of earrings that will appeal to more than one!<\/p><p style=\"font-size: 15px; font-style: normal; color: #01776b; font-family: Montserrat, sans-serif; text-align: justify;\" class=\"translation-block\"><span style=\"font-size: 15px;font-style: normal;font-weight: 400\">These earrings bears the name of M\u00e9nara, for the\u00a0<\/span><span style=\"font-weight: bold;font-size: 15px;font-style: normal\">M\u00e9nara\u00a0garden<\/span><span style=\"font-size: 15px;font-style: normal;font-weight: 400\"> in Marrakech. It is a beautiful garden with a large pond overhung by a pavilion. The ideal place for a nice walk outside the bustle of the medina.\u00a0<\/span><\/p><ul style=\"font-size: 15px; font-style: normal; font-weight: 400; color: #01776b; font-family: Montserrat, sans-serif; text-align: justify;\"><li style=\"font-size: 15px;\">Front and back earrings made of brass gilded with fine gold and embroidered with cotton threads<\/li><li style=\"font-size: 15px;\"><span style=\"font-size: 15px;\">Stud earrings with chain connected to the pusher \/ clasp<\/span><\/li><li style=\"font-size: 15px;\"><span style=\"font-size: 15px;\">Length of the earrings: 3 cm<\/span><\/li><li style=\"font-size: 15px;\">Pendants dimensions : 1.3 x 1.3 cm<\/li><li style=\"font-size: 15px;\">Identical embroidery on both sides\u00a0<\/li><li style=\"font-size: 15px;\"><span style=\"font-size: 15px;\">Available in 5 colors<\/span><\/li><li style=\"font-size: 15px;\">Drawn, gilded and embroidered in\u00a0<span style=\"font-size: 15px; font-weight: bold;\">FRANCE\u00a0<\/span>or<span style=\"font-size: 15px; font-weight: bold;\"> GERMANY\u00a0<\/span><span style=\"font-size: 15px;\">(depending on where I am when I embroider your order)<\/span><\/li><li style=\"font-size: 15px;\">Earrings delivered in their case with the brands logo<\/li><\/ul><div style=\"text-align: justify;\"><i style=\"font-family: Montserrat, sans-serif; color: #01776b;\">Each piece of jewelry is unique and may therefore vary slightly from the photos.<br \/><\/i><i style=\"font-family: Montserrat, sans-serif; color: #01776b;\"><br \/><\/i><\/div><p style=\"font-size: 15px; font-style: normal; font-weight: 400; color: #01776b; font-family: Montserrat, sans-serif; text-align: justify;\"><span style=\"font-size: 15px; font-weight: bold;\">If the proposed colors do not suit you, I can embroider these earrings in the color of your choice.<\/span>\u00a0Do not hesitate to contact me\u00a0<a style=\"font-size: 15px; background-color: #ffe5d7;\" href=\"https:\/\/thecamelia-bijoux.com\/en\/contact\/\" target=\"_blank\" rel=\"noopener\"><u>by clicking there<\/u><\/a>.<\/p><p style=\"font-size: 15px; font-style: normal; font-weight: 400; color: #01776b; font-family: Montserrat, sans-serif; text-align: justify;\">Finally, if you have any questions about this model, do not hesitate to contact me!<\/p>\t\t\t\t\t\t\t\t<\/div>\n\t\t\t\t<\/div>\n\t\t\t\t\t<\/div>\n\t\t<\/div>\n\t\t\t\t\t<\/div>\n\t\t<\/section>\n\t\t\t\t<\/div>","protected":false},"excerpt":{"rendered":"<p>Earrings gilded with fine gold and embroidered with cotton thread.<br \/>\n<strong>\u2193 Detailed description below \u2193<\/strong><\/p>","protected":false},"featured_media":17422,"template":"","meta":{"site-sidebar-layout":"default","site-content-layout":"default","ast-site-content-layout":"default","site-content-style":"default","site-sidebar-style":"default","ast-global-header-display":"","ast-banner-title-visibility":"","ast-main-header-display":"","ast-hfb-above-header-display":"","ast-hfb-below-header-display":"","ast-hfb-mobile-header-display":"","site-post-title":"","ast-breadcrumbs-content":"","ast-featured-img":"","footer-sml-layout":"","ast-disable-related-posts":"","theme-transparent-header-meta":"default","adv-header-id-meta":"","stick-header-meta":"","header-above-stick-meta":"","header-main-stick-meta":"","header-below-stick-meta":"","astra-migrate-meta-layouts":"set","ast-page-background-enabled":"default","ast-page-background-meta":{"desktop":{"background-color":"","background-image":"","background-repeat":"repeat","background-position":"center center","background-size":"auto","background-attachment":"scroll","background-type":"","background-media":"","overlay-type":"","overlay-color":"","overlay-opacity":"","overlay-gradient":""},"tablet":{"background-color":"","background-image":"","background-repeat":"repeat","background-position":"center center","background-size":"auto","background-attachment":"scroll","background-type":"","background-media":"","overlay-type":"","overlay-color":"","overlay-opacity":"","overlay-gradient":""},"mobile":{"background-color":"","background-image":"","background-repeat":"repeat","background-position":"center center","background-size":"auto","background-attachment":"scroll","background-type":"","background-media":"","overlay-type":"","overlay-color":"","overlay-opacity":"","overlay-gradient":""}},"ast-content-background-meta":{"desktop":{"background-color":"var(--ast-global-color-5)","background-image":"","background-repeat":"repeat","background-position":"center center","background-size":"auto","background-attachment":"scroll","background-type":"","background-media":"","overlay-type":"","overlay-color":"","overlay-opacity":"","overlay-gradient":""},"tablet":{"background-color":"var(--ast-global-color-5)","background-image":"","background-repeat":"repeat","background-position":"center center","background-size":"auto","background-attachment":"scroll","background-type":"","background-media":"","overlay-type":"","overlay-color":"","overlay-opacity":"","overlay-gradient":""},"mobile":{"background-color":"var(--ast-global-color-5)","background-image":"","background-repeat":"repeat","background-position":"center center","background-size":"auto","background-attachment":"scroll","background-type":"","background-media":"","overlay-type":"","overlay-color":"","overlay-opacity":"","overlay-gradient":""}},"jetpack_post_was_ever_published":true},"product_brand":[],"product_cat":[18],"product_tag":[42],"class_list":{"0":"post-6469","1":"product","2":"type-product","3":"status-publish","4":"has-post-thumbnail","6":"product_cat-boucles-doreilles","7":"product_tag-minis","8":"desktop-align-left","9":"tablet-align-left","10":"mobile-align-left","12":"first","13":"instock","14":"purchasable","15":"product-type-variable"},"yoast_head":"<!-- This site is optimized with the Yoast SEO plugin v27.3 - https:\/\/yoast.com\/product\/yoast-seo-wordpress\/ -->\n<title>Boucles d&#039;oreilles avant-arri\u00e8re M\u00e9nara - The Camelia bijoux<\/title>\n<meta name=\"description\" content=\"Boucles d&#039;oreilles avant-arri\u00e8re M\u00e9nara brod\u00e9es \u00e0 la main et dor\u00e9es \u00e0 l&#039;or fin. Ultra modernes avec leur cha\u00eene faisant le tour du lobe.\" \/>\n<meta name=\"robots\" content=\"index, follow, max-snippet:-1, max-image-preview:large, max-video-preview:-1\" \/>\n<link rel=\"canonical\" href=\"https:\/\/thecamelia-bijoux.com\/en\/product\/boucles-doreilles-avant-arriere-menara-2\/\" \/>\n<meta property=\"og:locale\" content=\"en_GB\" \/>\n<meta property=\"og:type\" content=\"article\" \/>\n<meta property=\"og:title\" content=\"Boucles d&#039;oreilles avant-arri\u00e8re M\u00e9nara - The Camelia bijoux\" \/>\n<meta property=\"og:description\" content=\"Boucles d&#039;oreilles avant-arri\u00e8re M\u00e9nara brod\u00e9es \u00e0 la main et dor\u00e9es \u00e0 l&#039;or fin. Ultra modernes avec leur cha\u00eene faisant le tour du lobe.\" \/>\n<meta property=\"og:url\" content=\"https:\/\/thecamelia-bijoux.com\/en\/product\/boucles-doreilles-avant-arriere-menara-2\/\" \/>\n<meta property=\"og:site_name\" content=\"The Camelia bijoux\" \/>\n<meta property=\"article:modified_time\" content=\"2026-04-10T14:06:42+00:00\" \/>\n<meta property=\"og:image\" content=\"https:\/\/thecamelia-bijoux.com\/wp-content\/uploads\/2023\/10\/Boucles-doreilles-avant-arriere-Menara-5-couleurs-.png\" \/>\n\t<meta property=\"og:image:width\" content=\"1300\" \/>\n\t<meta property=\"og:image:height\" content=\"1300\" \/>\n\t<meta property=\"og:image:type\" content=\"image\/png\" \/>\n<meta name=\"twitter:card\" content=\"summary_large_image\" \/>\n<meta name=\"twitter:label1\" content=\"Estimated reading time\" \/>\n\t<meta name=\"twitter:data1\" content=\"2 minutes\" \/>\n<script type=\"application\/ld+json\" class=\"yoast-schema-graph\">{\"@context\":\"https:\\\/\\\/schema.org\",\"@graph\":[{\"@type\":\"WebPage\",\"@id\":\"https:\\\/\\\/thecamelia-bijoux.com\\\/produit\\\/boucles-doreilles-avant-arriere-menara-2\\\/\",\"url\":\"https:\\\/\\\/thecamelia-bijoux.com\\\/produit\\\/boucles-doreilles-avant-arriere-menara-2\\\/\",\"name\":\"Boucles d'oreilles avant-arri\u00e8re M\u00e9nara - The Camelia bijoux\",\"isPartOf\":{\"@id\":\"https:\\\/\\\/thecamelia-bijoux.com\\\/#website\"},\"primaryImageOfPage\":{\"@id\":\"https:\\\/\\\/thecamelia-bijoux.com\\\/produit\\\/boucles-doreilles-avant-arriere-menara-2\\\/#primaryimage\"},\"image\":{\"@id\":\"https:\\\/\\\/thecamelia-bijoux.com\\\/produit\\\/boucles-doreilles-avant-arriere-menara-2\\\/#primaryimage\"},\"thumbnailUrl\":\"https:\\\/\\\/i0.wp.com\\\/thecamelia-bijoux.com\\\/wp-content\\\/uploads\\\/2023\\\/10\\\/Boucles-doreilles-avant-arriere-Menara-5-couleurs-.png?fit=1300%2C1300&ssl=1\",\"datePublished\":\"2026-03-24T16:50:48+00:00\",\"dateModified\":\"2026-04-10T14:06:42+00:00\",\"description\":\"Boucles d'oreilles avant-arri\u00e8re M\u00e9nara brod\u00e9es \u00e0 la main et dor\u00e9es \u00e0 l'or fin. Ultra modernes avec leur cha\u00eene faisant le tour du lobe.\",\"breadcrumb\":{\"@id\":\"https:\\\/\\\/thecamelia-bijoux.com\\\/produit\\\/boucles-doreilles-avant-arriere-menara-2\\\/#breadcrumb\"},\"inLanguage\":\"en-GB\",\"potentialAction\":[{\"@type\":\"ReadAction\",\"target\":[\"https:\\\/\\\/thecamelia-bijoux.com\\\/produit\\\/boucles-doreilles-avant-arriere-menara-2\\\/\"]}]},{\"@type\":\"ImageObject\",\"inLanguage\":\"en-GB\",\"@id\":\"https:\\\/\\\/thecamelia-bijoux.com\\\/produit\\\/boucles-doreilles-avant-arriere-menara-2\\\/#primaryimage\",\"url\":\"https:\\\/\\\/i0.wp.com\\\/thecamelia-bijoux.com\\\/wp-content\\\/uploads\\\/2023\\\/10\\\/Boucles-doreilles-avant-arriere-Menara-5-couleurs-.png?fit=1300%2C1300&ssl=1\",\"contentUrl\":\"https:\\\/\\\/i0.wp.com\\\/thecamelia-bijoux.com\\\/wp-content\\\/uploads\\\/2023\\\/10\\\/Boucles-doreilles-avant-arriere-Menara-5-couleurs-.png?fit=1300%2C1300&ssl=1\",\"width\":1300,\"height\":1300},{\"@type\":\"BreadcrumbList\",\"@id\":\"https:\\\/\\\/thecamelia-bijoux.com\\\/produit\\\/boucles-doreilles-avant-arriere-menara-2\\\/#breadcrumb\",\"itemListElement\":[{\"@type\":\"ListItem\",\"position\":1,\"name\":\"Accueil\",\"item\":\"https:\\\/\\\/thecamelia-bijoux.com\\\/\"},{\"@type\":\"ListItem\",\"position\":2,\"name\":\"E-shop\",\"item\":\"https:\\\/\\\/thecamelia-bijoux.com\\\/eshop\\\/\"},{\"@type\":\"ListItem\",\"position\":3,\"name\":\"Boucles d&rsquo;oreilles avant-arri\u00e8re M\u00e9nara\"}]},{\"@type\":\"WebSite\",\"@id\":\"https:\\\/\\\/thecamelia-bijoux.com\\\/#website\",\"url\":\"https:\\\/\\\/thecamelia-bijoux.com\\\/\",\"name\":\"The Camelia bijoux\",\"description\":\"Bijoux brod\u00e9s \u00e0 la main inspir\u00e9s du Maroc\",\"publisher\":{\"@id\":\"https:\\\/\\\/thecamelia-bijoux.com\\\/#organization\"},\"potentialAction\":[{\"@type\":\"SearchAction\",\"target\":{\"@type\":\"EntryPoint\",\"urlTemplate\":\"https:\\\/\\\/thecamelia-bijoux.com\\\/?s={search_term_string}\"},\"query-input\":{\"@type\":\"PropertyValueSpecification\",\"valueRequired\":true,\"valueName\":\"search_term_string\"}}],\"inLanguage\":\"en-GB\"},{\"@type\":\"Organization\",\"@id\":\"https:\\\/\\\/thecamelia-bijoux.com\\\/#organization\",\"name\":\"The Camelia bijoux\",\"url\":\"https:\\\/\\\/thecamelia-bijoux.com\\\/\",\"logo\":{\"@type\":\"ImageObject\",\"inLanguage\":\"en-GB\",\"@id\":\"https:\\\/\\\/thecamelia-bijoux.com\\\/#\\\/schema\\\/logo\\\/image\\\/\",\"url\":\"https:\\\/\\\/i0.wp.com\\\/thecamelia-bijoux.com\\\/wp-content\\\/uploads\\\/2019\\\/02\\\/test-logo-bleu.png?fit=227%2C108&ssl=1\",\"contentUrl\":\"https:\\\/\\\/i0.wp.com\\\/thecamelia-bijoux.com\\\/wp-content\\\/uploads\\\/2019\\\/02\\\/test-logo-bleu.png?fit=227%2C108&ssl=1\",\"width\":227,\"height\":108,\"caption\":\"The Camelia bijoux\"},\"image\":{\"@id\":\"https:\\\/\\\/thecamelia-bijoux.com\\\/#\\\/schema\\\/logo\\\/image\\\/\"}}]}<\/script>\n<!-- \/ Yoast SEO plugin. -->","yoast_head_json":{"title":"Boucles d'oreilles avant-arri\u00e8re M\u00e9nara - The Camelia bijoux","description":"Boucles d'oreilles avant-arri\u00e8re M\u00e9nara brod\u00e9es \u00e0 la main et dor\u00e9es \u00e0 l'or fin. Ultra modernes avec leur cha\u00eene faisant le tour du lobe.","robots":{"index":"index","follow":"follow","max-snippet":"max-snippet:-1","max-image-preview":"max-image-preview:large","max-video-preview":"max-video-preview:-1"},"canonical":"https:\/\/thecamelia-bijoux.com\/en\/product\/boucles-doreilles-avant-arriere-menara-2\/","og_locale":"en_GB","og_type":"article","og_title":"Boucles d'oreilles avant-arri\u00e8re M\u00e9nara - The Camelia bijoux","og_description":"Boucles d'oreilles avant-arri\u00e8re M\u00e9nara brod\u00e9es \u00e0 la main et dor\u00e9es \u00e0 l'or fin. Ultra modernes avec leur cha\u00eene faisant le tour du lobe.","og_url":"https:\/\/thecamelia-bijoux.com\/en\/product\/boucles-doreilles-avant-arriere-menara-2\/","og_site_name":"The Camelia bijoux","article_modified_time":"2026-04-10T14:06:42+00:00","og_image":[{"width":1300,"height":1300,"url":"https:\/\/thecamelia-bijoux.com\/wp-content\/uploads\/2023\/10\/Boucles-doreilles-avant-arriere-Menara-5-couleurs-.png","type":"image\/png"}],"twitter_card":"summary_large_image","twitter_misc":{"Estimated reading time":"2 minutes"},"schema":{"@context":"https:\/\/schema.org","@graph":[{"@type":"WebPage","@id":"https:\/\/thecamelia-bijoux.com\/produit\/boucles-doreilles-avant-arriere-menara-2\/","url":"https:\/\/thecamelia-bijoux.com\/produit\/boucles-doreilles-avant-arriere-menara-2\/","name":"Boucles d'oreilles avant-arri\u00e8re M\u00e9nara - The Camelia bijoux","isPartOf":{"@id":"https:\/\/thecamelia-bijoux.com\/#website"},"primaryImageOfPage":{"@id":"https:\/\/thecamelia-bijoux.com\/produit\/boucles-doreilles-avant-arriere-menara-2\/#primaryimage"},"image":{"@id":"https:\/\/thecamelia-bijoux.com\/produit\/boucles-doreilles-avant-arriere-menara-2\/#primaryimage"},"thumbnailUrl":"https:\/\/i0.wp.com\/thecamelia-bijoux.com\/wp-content\/uploads\/2023\/10\/Boucles-doreilles-avant-arriere-Menara-5-couleurs-.png?fit=1300%2C1300&ssl=1","datePublished":"2026-03-24T16:50:48+00:00","dateModified":"2026-04-10T14:06:42+00:00","description":"Boucles d'oreilles avant-arri\u00e8re M\u00e9nara brod\u00e9es \u00e0 la main et dor\u00e9es \u00e0 l'or fin. Ultra modernes avec leur cha\u00eene faisant le tour du lobe.","breadcrumb":{"@id":"https:\/\/thecamelia-bijoux.com\/produit\/boucles-doreilles-avant-arriere-menara-2\/#breadcrumb"},"inLanguage":"en-GB","potentialAction":[{"@type":"ReadAction","target":["https:\/\/thecamelia-bijoux.com\/produit\/boucles-doreilles-avant-arriere-menara-2\/"]}]},{"@type":"ImageObject","inLanguage":"en-GB","@id":"https:\/\/thecamelia-bijoux.com\/produit\/boucles-doreilles-avant-arriere-menara-2\/#primaryimage","url":"https:\/\/i0.wp.com\/thecamelia-bijoux.com\/wp-content\/uploads\/2023\/10\/Boucles-doreilles-avant-arriere-Menara-5-couleurs-.png?fit=1300%2C1300&ssl=1","contentUrl":"https:\/\/i0.wp.com\/thecamelia-bijoux.com\/wp-content\/uploads\/2023\/10\/Boucles-doreilles-avant-arriere-Menara-5-couleurs-.png?fit=1300%2C1300&ssl=1","width":1300,"height":1300},{"@type":"BreadcrumbList","@id":"https:\/\/thecamelia-bijoux.com\/produit\/boucles-doreilles-avant-arriere-menara-2\/#breadcrumb","itemListElement":[{"@type":"ListItem","position":1,"name":"Accueil","item":"https:\/\/thecamelia-bijoux.com\/"},{"@type":"ListItem","position":2,"name":"E-shop","item":"https:\/\/thecamelia-bijoux.com\/eshop\/"},{"@type":"ListItem","position":3,"name":"Boucles d&rsquo;oreilles avant-arri\u00e8re M\u00e9nara"}]},{"@type":"WebSite","@id":"https:\/\/thecamelia-bijoux.com\/#website","url":"https:\/\/thecamelia-bijoux.com\/","name":"The Camelia bijoux","description":"Bijoux brod\u00e9s \u00e0 la main inspir\u00e9s du Maroc","publisher":{"@id":"https:\/\/thecamelia-bijoux.com\/#organization"},"potentialAction":[{"@type":"SearchAction","target":{"@type":"EntryPoint","urlTemplate":"https:\/\/thecamelia-bijoux.com\/?s={search_term_string}"},"query-input":{"@type":"PropertyValueSpecification","valueRequired":true,"valueName":"search_term_string"}}],"inLanguage":"en-GB"},{"@type":"Organization","@id":"https:\/\/thecamelia-bijoux.com\/#organization","name":"The Camelia bijoux","url":"https:\/\/thecamelia-bijoux.com\/","logo":{"@type":"ImageObject","inLanguage":"en-GB","@id":"https:\/\/thecamelia-bijoux.com\/#\/schema\/logo\/image\/","url":"https:\/\/i0.wp.com\/thecamelia-bijoux.com\/wp-content\/uploads\/2019\/02\/test-logo-bleu.png?fit=227%2C108&ssl=1","contentUrl":"https:\/\/i0.wp.com\/thecamelia-bijoux.com\/wp-content\/uploads\/2019\/02\/test-logo-bleu.png?fit=227%2C108&ssl=1","width":227,"height":108,"caption":"The Camelia bijoux"},"image":{"@id":"https:\/\/thecamelia-bijoux.com\/#\/schema\/logo\/image\/"}}]}},"jetpack_sharing_enabled":true,"_links":{"self":[{"href":"https:\/\/thecamelia-bijoux.com\/en\/wp-json\/wp\/v2\/product\/6469","targetHints":{"allow":["GET"]}}],"collection":[{"href":"https:\/\/thecamelia-bijoux.com\/en\/wp-json\/wp\/v2\/product"}],"about":[{"href":"https:\/\/thecamelia-bijoux.com\/en\/wp-json\/wp\/v2\/types\/product"}],"version-history":[{"count":10,"href":"https:\/\/thecamelia-bijoux.com\/en\/wp-json\/wp\/v2\/product\/6469\/revisions"}],"predecessor-version":[{"id":10834,"href":"https:\/\/thecamelia-bijoux.com\/en\/wp-json\/wp\/v2\/product\/6469\/revisions\/10834"}],"wp:featuredmedia":[{"embeddable":true,"href":"https:\/\/thecamelia-bijoux.com\/en\/wp-json\/wp\/v2\/media\/17422"}],"wp:attachment":[{"href":"https:\/\/thecamelia-bijoux.com\/en\/wp-json\/wp\/v2\/media?parent=6469"}],"wp:term":[{"taxonomy":"product_brand","embeddable":true,"href":"https:\/\/thecamelia-bijoux.com\/en\/wp-json\/wp\/v2\/product_brand?post=6469"},{"taxonomy":"product_cat","embeddable":true,"href":"https:\/\/thecamelia-bijoux.com\/en\/wp-json\/wp\/v2\/product_cat?post=6469"},{"taxonomy":"product_tag","embeddable":true,"href":"https:\/\/thecamelia-bijoux.com\/en\/wp-json\/wp\/v2\/product_tag?post=6469"}],"curies":[{"name":"wp","href":"https:\/\/api.w.org\/{rel}","templated":true}]}}