{"id":4814,"date":"2026-03-24T17:50:46","date_gmt":"2026-03-24T16:50:46","guid":{"rendered":"https:\/\/thecamelia-bijoux.com\/?post_type=product&#038;p=4814"},"modified":"2026-04-10T16:07:28","modified_gmt":"2026-04-10T14:07:28","slug":"collier-menara","status":"publish","type":"product","link":"https:\/\/thecamelia-bijoux.com\/en\/product\/collier-menara\/","title":{"rendered":"M\u00e9nara necklace"},"content":{"rendered":"<div data-elementor-type=\"wp-post\" data-elementor-id=\"4814\" class=\"elementor elementor-4814\">\n\t\t\t\t\t\t<section class=\"elementor-section elementor-top-section elementor-element elementor-element-3a5d7dce elementor-section-boxed elementor-section-height-default elementor-section-height-default\" data-id=\"3a5d7dce\" data-element_type=\"section\" data-e-type=\"section\">\n\t\t\t\t\t\t<div class=\"elementor-container elementor-column-gap-default\">\n\t\t\t\t\t<div class=\"elementor-column elementor-col-100 elementor-top-column elementor-element elementor-element-66321276\" data-id=\"66321276\" data-element_type=\"column\" data-e-type=\"column\">\n\t\t\t<div class=\"elementor-widget-wrap elementor-element-populated\">\n\t\t\t\t\t\t<div class=\"elementor-element elementor-element-ae0d090 elementor-widget elementor-widget-text-editor\" data-id=\"ae0d090\" data-element_type=\"widget\" data-e-type=\"widget\" data-widget_type=\"text-editor.default\">\n\t\t\t\t<div class=\"elementor-widget-container\">\n\t\t\t\t\t\t\t\t\t<p style=\"font-size: 15px; font-style: normal; color: #01776b; font-family: Montserrat, sans-serif; text-align: justify;\" class=\"translation-block\">The\u00a0<span style=\"font-weight: bold;font-size: 15px\">M\u00e9nara necklace<\/span><span style=\"font-weight: bold;font-size: 15px\">\u00a0<\/span><span style=\"font-size: 15px\"><\/span><span style=\"font-size: 15px;font-style: normal;font-weight: 400\">represents a traditional pattern of the Fez embroidery: a small stylized star.<\/span><span style=\"font-size: 15px\"><\/span>\u00a0Guilded with fine gold, this necklace is composed of a pendant decorated with an \u00a0<span style=\"font-weight: bold;font-size: 15px\">handmade Fez embroidery<\/span>\u00a0in cotton thread on a thin chain. This necklace is <b>identical on both sides<\/b> thanks to the magic of Fez embroidery so no need to pay attention that your pendant is on the right side anymore. This delicate and original embroidered necklace can be worn daily, alone or in accumulation with other fine necklaces.<\/p>\n<p style=\"font-size: 15px; font-style: normal; color: #01776b; font-family: Montserrat, sans-serif; text-align: justify;\" class=\"translation-block\"><span style=\"font-size: 15px;font-style: normal;font-weight: 400\">The necklace bears the name of M\u00e9nara, for the\u00a0<\/span><span style=\"font-weight: bold;font-size: 15px;font-style: normal\">M\u00e9nara\u00a0garden <\/span><span style=\"font-size: 15px;font-style: normal;font-weight: 400\">of Marrakech. It is a beautiful garden with a large pond overhung by a pavilion. The ideal place for a nice walk outside the bustle of the medina.\u00a0<\/span><\/p>\n<ul style=\"font-size: 15px; font-style: normal; font-weight: 400; color: #01776b; font-family: Montserrat, sans-serif; text-align: justify;\">\n<li style=\"font-size: 15px;\" class=\"translation-block\">Brass necklace gilded with fine gold and embroidered with cotton thread<\/li>\n<li style=\"font-size: 15px;\" class=\"translation-block\">42 cm long necklace + 3.5 cm extender chain<\/li>\n<li style=\"font-size: 15px;\">Pendant dimensions: 1,3 x 1,3 cm<\/li>\n<li style=\"font-size: 15px;\">Identical embroidery on both sides&nbsp;<\/li>\n<li style=\"font-size: 15px; font-style: normal;\">8 mm charm with engraved logo on the extension chain<\/li>\n<li style=\"font-size: 15px;\"><span style=\"font-size: 15px;\">Available in 5 colors<\/span><\/li>\n<li style=\"font-size: 15px;\">Drawn, gilded and embroidered in&nbsp;<span style=\"font-size: 15px; font-weight: bold;\">FRANCE&nbsp;<\/span>or<span style=\"font-size: 15px; font-weight: bold;\"> GERMANY&nbsp;<\/span><span style=\"font-size: 15px;\">(depending on where I am when I embroider your order)<\/span><\/li>\n<li style=\"font-size: 15px;\">Necklace delivered in its box with the brands logo<\/li>\n<\/ul>\n<div style=\"text-align: justify;\"><i style=\"color: #01776b; font-family: Montserrat, sans-serif;\">Each piece of jewelry is unique and may therefore vary slightly from the photos.&nbsp;<br><\/i><i style=\"color: #01776b; font-family: Montserrat, sans-serif;\"><br><\/i><\/div>\n<p style=\"font-size: 15px; font-style: normal; font-weight: 400; color: #01776b; font-family: Montserrat, sans-serif; text-align: justify;\"><span style=\"font-size: 15px; font-weight: bold;\">If the proposed colors do not suit you, I can  embroider this necklace in the color of your choice.<\/span>&nbsp;Do not hesitate to contact me&nbsp;<a style=\"font-size: 15px; background-color: #ffe5d7;\" href=\"https:\/\/thecamelia-bijoux.com\/en\/contact\/\" target=\"_blank\" rel=\"noopener\"><u>by clicking there<\/u><\/a>.<\/p>\n<p style=\"font-size: 15px; font-style: normal; font-weight: 400; color: #01776b; font-family: Montserrat, sans-serif; text-align: justify;\">Finally, if you have any questions about this model, do not hesitate to contact me!<\/p>\t\t\t\t\t\t\t\t<\/div>\n\t\t\t\t<\/div>\n\t\t\t\t\t<\/div>\n\t\t<\/div>\n\t\t\t\t\t<\/div>\n\t\t<\/section>\n\t\t\t\t<\/div>","protected":false},"excerpt":{"rendered":"<p>Collier r\u00e9glable dor\u00e9 \u00e0 l\u2019or fin 24 carats et brod\u00e9 de fils de coton.<br \/>\n<strong>\u2193 Detailed description below \u2193<\/strong><\/p>","protected":false},"featured_media":17425,"template":"","meta":{"site-sidebar-layout":"default","site-content-layout":"default","ast-site-content-layout":"default","site-content-style":"default","site-sidebar-style":"default","ast-global-header-display":"","ast-banner-title-visibility":"","ast-main-header-display":"","ast-hfb-above-header-display":"","ast-hfb-below-header-display":"","ast-hfb-mobile-header-display":"","site-post-title":"","ast-breadcrumbs-content":"","ast-featured-img":"","footer-sml-layout":"","ast-disable-related-posts":"","theme-transparent-header-meta":"default","adv-header-id-meta":"","stick-header-meta":"","header-above-stick-meta":"","header-main-stick-meta":"","header-below-stick-meta":"","astra-migrate-meta-layouts":"set","ast-page-background-enabled":"default","ast-page-background-meta":{"desktop":{"background-color":"","background-image":"","background-repeat":"repeat","background-position":"center center","background-size":"auto","background-attachment":"scroll","background-type":"","background-media":"","overlay-type":"","overlay-color":"","overlay-opacity":"","overlay-gradient":""},"tablet":{"background-color":"","background-image":"","background-repeat":"repeat","background-position":"center center","background-size":"auto","background-attachment":"scroll","background-type":"","background-media":"","overlay-type":"","overlay-color":"","overlay-opacity":"","overlay-gradient":""},"mobile":{"background-color":"","background-image":"","background-repeat":"repeat","background-position":"center center","background-size":"auto","background-attachment":"scroll","background-type":"","background-media":"","overlay-type":"","overlay-color":"","overlay-opacity":"","overlay-gradient":""}},"ast-content-background-meta":{"desktop":{"background-color":"var(--ast-global-color-5)","background-image":"","background-repeat":"repeat","background-position":"center center","background-size":"auto","background-attachment":"scroll","background-type":"","background-media":"","overlay-type":"","overlay-color":"","overlay-opacity":"","overlay-gradient":""},"tablet":{"background-color":"var(--ast-global-color-5)","background-image":"","background-repeat":"repeat","background-position":"center center","background-size":"auto","background-attachment":"scroll","background-type":"","background-media":"","overlay-type":"","overlay-color":"","overlay-opacity":"","overlay-gradient":""},"mobile":{"background-color":"var(--ast-global-color-5)","background-image":"","background-repeat":"repeat","background-position":"center center","background-size":"auto","background-attachment":"scroll","background-type":"","background-media":"","overlay-type":"","overlay-color":"","overlay-opacity":"","overlay-gradient":""}},"jetpack_post_was_ever_published":true},"product_brand":[],"product_cat":[16],"product_tag":[42],"class_list":{"0":"post-4814","1":"product","2":"type-product","3":"status-publish","4":"has-post-thumbnail","6":"product_cat-colliers","7":"product_tag-minis","8":"desktop-align-left","9":"tablet-align-left","10":"mobile-align-left","12":"first","13":"outofstock","14":"purchasable","15":"product-type-variable"},"yoast_head":"<!-- This site is optimized with the Yoast SEO plugin v27.3 - https:\/\/yoast.com\/product\/yoast-seo-wordpress\/ -->\n<title>Collier M\u00e9nara - The Camelia bijoux<\/title>\n<meta name=\"description\" content=\"Le collier M\u00e9nara met en valeur un artisanat marocain m\u00e9connu : la broderie de F\u00e8s. The Camelia bijoux s&#039;est donn\u00e9 la mission de la moderniser!\" \/>\n<meta name=\"robots\" content=\"index, follow, max-snippet:-1, max-image-preview:large, max-video-preview:-1\" \/>\n<link rel=\"canonical\" href=\"https:\/\/thecamelia-bijoux.com\/en\/product\/collier-menara\/\" \/>\n<meta property=\"og:locale\" content=\"en_GB\" \/>\n<meta property=\"og:type\" content=\"article\" \/>\n<meta property=\"og:title\" content=\"Collier M\u00e9nara - The Camelia bijoux\" \/>\n<meta property=\"og:description\" content=\"Le collier M\u00e9nara met en valeur un artisanat marocain m\u00e9connu : la broderie de F\u00e8s. The Camelia bijoux s&#039;est donn\u00e9 la mission de la moderniser!\" \/>\n<meta property=\"og:url\" content=\"https:\/\/thecamelia-bijoux.com\/en\/product\/collier-menara\/\" \/>\n<meta property=\"og:site_name\" content=\"The Camelia bijoux\" \/>\n<meta property=\"article:modified_time\" content=\"2026-04-10T14:07:28+00:00\" \/>\n<meta property=\"og:image\" content=\"https:\/\/thecamelia-bijoux.com\/wp-content\/uploads\/2026\/03\/Collier-Menara-5-couleurs.png\" \/>\n\t<meta property=\"og:image:width\" content=\"1300\" \/>\n\t<meta property=\"og:image:height\" content=\"1300\" \/>\n\t<meta property=\"og:image:type\" content=\"image\/png\" \/>\n<meta name=\"twitter:card\" content=\"summary_large_image\" \/>\n<meta name=\"twitter:label1\" content=\"Estimated reading time\" \/>\n\t<meta name=\"twitter:data1\" content=\"2 minutes\" \/>\n<script type=\"application\/ld+json\" class=\"yoast-schema-graph\">{\"@context\":\"https:\\\/\\\/schema.org\",\"@graph\":[{\"@type\":\"WebPage\",\"@id\":\"https:\\\/\\\/thecamelia-bijoux.com\\\/produit\\\/collier-menara\\\/\",\"url\":\"https:\\\/\\\/thecamelia-bijoux.com\\\/produit\\\/collier-menara\\\/\",\"name\":\"Collier M\u00e9nara - The Camelia bijoux\",\"isPartOf\":{\"@id\":\"https:\\\/\\\/thecamelia-bijoux.com\\\/#website\"},\"primaryImageOfPage\":{\"@id\":\"https:\\\/\\\/thecamelia-bijoux.com\\\/produit\\\/collier-menara\\\/#primaryimage\"},\"image\":{\"@id\":\"https:\\\/\\\/thecamelia-bijoux.com\\\/produit\\\/collier-menara\\\/#primaryimage\"},\"thumbnailUrl\":\"https:\\\/\\\/i0.wp.com\\\/thecamelia-bijoux.com\\\/wp-content\\\/uploads\\\/2026\\\/03\\\/Collier-Menara-5-couleurs.png?fit=1300%2C1300&ssl=1\",\"datePublished\":\"2026-03-24T16:50:46+00:00\",\"dateModified\":\"2026-04-10T14:07:28+00:00\",\"description\":\"Le collier M\u00e9nara met en valeur un artisanat marocain m\u00e9connu : la broderie de F\u00e8s. The Camelia bijoux s'est donn\u00e9 la mission de la moderniser!\",\"breadcrumb\":{\"@id\":\"https:\\\/\\\/thecamelia-bijoux.com\\\/produit\\\/collier-menara\\\/#breadcrumb\"},\"inLanguage\":\"en-GB\",\"potentialAction\":[{\"@type\":\"ReadAction\",\"target\":[\"https:\\\/\\\/thecamelia-bijoux.com\\\/produit\\\/collier-menara\\\/\"]}]},{\"@type\":\"ImageObject\",\"inLanguage\":\"en-GB\",\"@id\":\"https:\\\/\\\/thecamelia-bijoux.com\\\/produit\\\/collier-menara\\\/#primaryimage\",\"url\":\"https:\\\/\\\/i0.wp.com\\\/thecamelia-bijoux.com\\\/wp-content\\\/uploads\\\/2026\\\/03\\\/Collier-Menara-5-couleurs.png?fit=1300%2C1300&ssl=1\",\"contentUrl\":\"https:\\\/\\\/i0.wp.com\\\/thecamelia-bijoux.com\\\/wp-content\\\/uploads\\\/2026\\\/03\\\/Collier-Menara-5-couleurs.png?fit=1300%2C1300&ssl=1\",\"width\":1300,\"height\":1300},{\"@type\":\"BreadcrumbList\",\"@id\":\"https:\\\/\\\/thecamelia-bijoux.com\\\/produit\\\/collier-menara\\\/#breadcrumb\",\"itemListElement\":[{\"@type\":\"ListItem\",\"position\":1,\"name\":\"Accueil\",\"item\":\"https:\\\/\\\/thecamelia-bijoux.com\\\/\"},{\"@type\":\"ListItem\",\"position\":2,\"name\":\"E-shop\",\"item\":\"https:\\\/\\\/thecamelia-bijoux.com\\\/eshop\\\/\"},{\"@type\":\"ListItem\",\"position\":3,\"name\":\"Collier M\u00e9nara\"}]},{\"@type\":\"WebSite\",\"@id\":\"https:\\\/\\\/thecamelia-bijoux.com\\\/#website\",\"url\":\"https:\\\/\\\/thecamelia-bijoux.com\\\/\",\"name\":\"The Camelia bijoux\",\"description\":\"Bijoux brod\u00e9s \u00e0 la main inspir\u00e9s du Maroc\",\"publisher\":{\"@id\":\"https:\\\/\\\/thecamelia-bijoux.com\\\/#organization\"},\"potentialAction\":[{\"@type\":\"SearchAction\",\"target\":{\"@type\":\"EntryPoint\",\"urlTemplate\":\"https:\\\/\\\/thecamelia-bijoux.com\\\/?s={search_term_string}\"},\"query-input\":{\"@type\":\"PropertyValueSpecification\",\"valueRequired\":true,\"valueName\":\"search_term_string\"}}],\"inLanguage\":\"en-GB\"},{\"@type\":\"Organization\",\"@id\":\"https:\\\/\\\/thecamelia-bijoux.com\\\/#organization\",\"name\":\"The Camelia bijoux\",\"url\":\"https:\\\/\\\/thecamelia-bijoux.com\\\/\",\"logo\":{\"@type\":\"ImageObject\",\"inLanguage\":\"en-GB\",\"@id\":\"https:\\\/\\\/thecamelia-bijoux.com\\\/#\\\/schema\\\/logo\\\/image\\\/\",\"url\":\"https:\\\/\\\/i0.wp.com\\\/thecamelia-bijoux.com\\\/wp-content\\\/uploads\\\/2019\\\/02\\\/test-logo-bleu.png?fit=227%2C108&ssl=1\",\"contentUrl\":\"https:\\\/\\\/i0.wp.com\\\/thecamelia-bijoux.com\\\/wp-content\\\/uploads\\\/2019\\\/02\\\/test-logo-bleu.png?fit=227%2C108&ssl=1\",\"width\":227,\"height\":108,\"caption\":\"The Camelia bijoux\"},\"image\":{\"@id\":\"https:\\\/\\\/thecamelia-bijoux.com\\\/#\\\/schema\\\/logo\\\/image\\\/\"}}]}<\/script>\n<!-- \/ Yoast SEO plugin. -->","yoast_head_json":{"title":"Collier M\u00e9nara - The Camelia bijoux","description":"Le collier M\u00e9nara met en valeur un artisanat marocain m\u00e9connu : la broderie de F\u00e8s. The Camelia bijoux s'est donn\u00e9 la mission de la moderniser!","robots":{"index":"index","follow":"follow","max-snippet":"max-snippet:-1","max-image-preview":"max-image-preview:large","max-video-preview":"max-video-preview:-1"},"canonical":"https:\/\/thecamelia-bijoux.com\/en\/product\/collier-menara\/","og_locale":"en_GB","og_type":"article","og_title":"Collier M\u00e9nara - The Camelia bijoux","og_description":"Le collier M\u00e9nara met en valeur un artisanat marocain m\u00e9connu : la broderie de F\u00e8s. The Camelia bijoux s'est donn\u00e9 la mission de la moderniser!","og_url":"https:\/\/thecamelia-bijoux.com\/en\/product\/collier-menara\/","og_site_name":"The Camelia bijoux","article_modified_time":"2026-04-10T14:07:28+00:00","og_image":[{"width":1300,"height":1300,"url":"https:\/\/thecamelia-bijoux.com\/wp-content\/uploads\/2026\/03\/Collier-Menara-5-couleurs.png","type":"image\/png"}],"twitter_card":"summary_large_image","twitter_misc":{"Estimated reading time":"2 minutes"},"schema":{"@context":"https:\/\/schema.org","@graph":[{"@type":"WebPage","@id":"https:\/\/thecamelia-bijoux.com\/produit\/collier-menara\/","url":"https:\/\/thecamelia-bijoux.com\/produit\/collier-menara\/","name":"Collier M\u00e9nara - The Camelia bijoux","isPartOf":{"@id":"https:\/\/thecamelia-bijoux.com\/#website"},"primaryImageOfPage":{"@id":"https:\/\/thecamelia-bijoux.com\/produit\/collier-menara\/#primaryimage"},"image":{"@id":"https:\/\/thecamelia-bijoux.com\/produit\/collier-menara\/#primaryimage"},"thumbnailUrl":"https:\/\/i0.wp.com\/thecamelia-bijoux.com\/wp-content\/uploads\/2026\/03\/Collier-Menara-5-couleurs.png?fit=1300%2C1300&ssl=1","datePublished":"2026-03-24T16:50:46+00:00","dateModified":"2026-04-10T14:07:28+00:00","description":"Le collier M\u00e9nara met en valeur un artisanat marocain m\u00e9connu : la broderie de F\u00e8s. The Camelia bijoux s'est donn\u00e9 la mission de la moderniser!","breadcrumb":{"@id":"https:\/\/thecamelia-bijoux.com\/produit\/collier-menara\/#breadcrumb"},"inLanguage":"en-GB","potentialAction":[{"@type":"ReadAction","target":["https:\/\/thecamelia-bijoux.com\/produit\/collier-menara\/"]}]},{"@type":"ImageObject","inLanguage":"en-GB","@id":"https:\/\/thecamelia-bijoux.com\/produit\/collier-menara\/#primaryimage","url":"https:\/\/i0.wp.com\/thecamelia-bijoux.com\/wp-content\/uploads\/2026\/03\/Collier-Menara-5-couleurs.png?fit=1300%2C1300&ssl=1","contentUrl":"https:\/\/i0.wp.com\/thecamelia-bijoux.com\/wp-content\/uploads\/2026\/03\/Collier-Menara-5-couleurs.png?fit=1300%2C1300&ssl=1","width":1300,"height":1300},{"@type":"BreadcrumbList","@id":"https:\/\/thecamelia-bijoux.com\/produit\/collier-menara\/#breadcrumb","itemListElement":[{"@type":"ListItem","position":1,"name":"Accueil","item":"https:\/\/thecamelia-bijoux.com\/"},{"@type":"ListItem","position":2,"name":"E-shop","item":"https:\/\/thecamelia-bijoux.com\/eshop\/"},{"@type":"ListItem","position":3,"name":"Collier M\u00e9nara"}]},{"@type":"WebSite","@id":"https:\/\/thecamelia-bijoux.com\/#website","url":"https:\/\/thecamelia-bijoux.com\/","name":"The Camelia bijoux","description":"Bijoux brod\u00e9s \u00e0 la main inspir\u00e9s du Maroc","publisher":{"@id":"https:\/\/thecamelia-bijoux.com\/#organization"},"potentialAction":[{"@type":"SearchAction","target":{"@type":"EntryPoint","urlTemplate":"https:\/\/thecamelia-bijoux.com\/?s={search_term_string}"},"query-input":{"@type":"PropertyValueSpecification","valueRequired":true,"valueName":"search_term_string"}}],"inLanguage":"en-GB"},{"@type":"Organization","@id":"https:\/\/thecamelia-bijoux.com\/#organization","name":"The Camelia bijoux","url":"https:\/\/thecamelia-bijoux.com\/","logo":{"@type":"ImageObject","inLanguage":"en-GB","@id":"https:\/\/thecamelia-bijoux.com\/#\/schema\/logo\/image\/","url":"https:\/\/i0.wp.com\/thecamelia-bijoux.com\/wp-content\/uploads\/2019\/02\/test-logo-bleu.png?fit=227%2C108&ssl=1","contentUrl":"https:\/\/i0.wp.com\/thecamelia-bijoux.com\/wp-content\/uploads\/2019\/02\/test-logo-bleu.png?fit=227%2C108&ssl=1","width":227,"height":108,"caption":"The Camelia bijoux"},"image":{"@id":"https:\/\/thecamelia-bijoux.com\/#\/schema\/logo\/image\/"}}]}},"jetpack_sharing_enabled":true,"_links":{"self":[{"href":"https:\/\/thecamelia-bijoux.com\/en\/wp-json\/wp\/v2\/product\/4814","targetHints":{"allow":["GET"]}}],"collection":[{"href":"https:\/\/thecamelia-bijoux.com\/en\/wp-json\/wp\/v2\/product"}],"about":[{"href":"https:\/\/thecamelia-bijoux.com\/en\/wp-json\/wp\/v2\/types\/product"}],"version-history":[{"count":18,"href":"https:\/\/thecamelia-bijoux.com\/en\/wp-json\/wp\/v2\/product\/4814\/revisions"}],"predecessor-version":[{"id":17426,"href":"https:\/\/thecamelia-bijoux.com\/en\/wp-json\/wp\/v2\/product\/4814\/revisions\/17426"}],"wp:featuredmedia":[{"embeddable":true,"href":"https:\/\/thecamelia-bijoux.com\/en\/wp-json\/wp\/v2\/media\/17425"}],"wp:attachment":[{"href":"https:\/\/thecamelia-bijoux.com\/en\/wp-json\/wp\/v2\/media?parent=4814"}],"wp:term":[{"taxonomy":"product_brand","embeddable":true,"href":"https:\/\/thecamelia-bijoux.com\/en\/wp-json\/wp\/v2\/product_brand?post=4814"},{"taxonomy":"product_cat","embeddable":true,"href":"https:\/\/thecamelia-bijoux.com\/en\/wp-json\/wp\/v2\/product_cat?post=4814"},{"taxonomy":"product_tag","embeddable":true,"href":"https:\/\/thecamelia-bijoux.com\/en\/wp-json\/wp\/v2\/product_tag?post=4814"}],"curies":[{"name":"wp","href":"https:\/\/api.w.org\/{rel}","templated":true}]}}